{"id":1281,"date":"2020-05-26T14:07:22","date_gmt":"2020-05-26T12:07:22","guid":{"rendered":"http:\/\/fundacja.radiopodlasie.pl\/?page_id=1281"},"modified":"2020-06-02T11:09:34","modified_gmt":"2020-06-02T09:09:34","slug":"oszczedzaj-cieplo-i-ty-mozesz-zostac-eko-domownikiem-kadre-zarzadzajaca-projektem","status":"publish","type":"page","link":"https:\/\/fundacja.radiopodlasie.pl\/?page_id=1281","title":{"rendered":"Oszcz\u0119dzaj ciep\u0142o. I Ty mo\u017cesz zosta\u0107 eko-domownikiem &#8211; kadr\u0119 zarz\u0105dzaj\u0105c\u0105 projektem"},"content":{"rendered":"<p><strong>Zapytanie ofertowe nr 1\/2020 <\/strong><strong>[kadra zarz\u0105dzaj\u0105ca projektem]<\/strong><\/p>\n<p><strong>&nbsp;<\/strong><\/p>\n<p style=\"text-align: right;\">Siedlce, 26 maja 2020 r.<\/p>\n<h1 style=\"text-align: center;\">ZAPYTANIE OFERTOWE<\/h1>\n<p style=\"text-align: center;\">Fundacja Podlaskie Centrum Radiowe zaprasza do sk\u0142adania ofert w post\u0119powaniu o udzielenie zam\u00f3wienia publicznego prowadzanego w trybie zapytania ofertowego na:<\/p>\n<h2 style=\"text-align: center;\"><strong>kadr\u0119 zarz\u0105dzaj\u0105c\u0105 projektem<\/strong><\/h2>\n<p style=\"text-align: center;\">pod nazw\u0105 \u201eOszcz\u0119dzaj ciep\u0142o. I Ty mo\u017cesz zosta\u0107 eko-domownikiem\u201d<br \/>\nrealizowanego ze \u015brodk\u00f3w Narodowego Funduszu Ochrony \u015arodowiska i Gospodarki Wodnej.<\/p>\n<h3>I. &#8211; Opis Przedmiotu Zam\u00f3wienia:<\/h3>\n<ol>\n<li>Przedmiot zam\u00f3wienia obejmuje pe\u0142nienie nast\u0119puj\u0105cych funkcji:<\/li>\n<\/ol>\n<h4><u>Cz\u0119\u015b\u0107 I.<\/u> Koordynator projektu do zada\u0144, kt\u00f3rego nale\u017ce\u0107 b\u0119dzie:<\/h4>\n<ol>\n<li>bie\u017c\u0105ce zarz\u0105dzanie projektem zgodnie z bie\u017c\u0105cymi potrzebami,<\/li>\n<li>bie\u017c\u0105cy kontakt z NFO\u015aiGW dotycz\u0105cy realizacji projektu,<\/li>\n<li>organizacja i czuwanie nad prawid\u0142owym przebiegiem wszystkich materia\u0142\u00f3w realizowanych w ramach projektu,<\/li>\n<li>dokonywanie podzia\u0142u zada\u0144 merytorycznych mi\u0119dzy poszczeg\u00f3lne osoby zaanga\u017cowane w realizacj\u0119 Projektu,<\/li>\n<li>weryfikowanie pod wzgl\u0119dem merytorycznym realizowanych i zrealizowanych zada\u0144 zar\u00f3wno przez kadr\u0119 realizuj\u0105c\u0105 projekt jak i wykonawc\u00f3w wy\u0142onionych w trybach konkurencyjnych,<\/li>\n<li>nadzorowanie dotrzymania harmonogramu realizacji projektu, dokonywanie w ustalonym trybie uzgodnie\u0144 z NFO\u015aiGW,<\/li>\n<li>zatwierdzanie pod wzgl\u0119dem merytorycznym dokument\u00f3w finansowo-ksi\u0119gowych dot. projektu oraz sporz\u0105dzanie i podpisywanie dodatkowych dokument\u00f3w okre\u015blaj\u0105cych ich zwi\u0105zek z projektem,<\/li>\n<li>nadzorowanie realizacji wska\u017anik\u00f3w produkt\u00f3w, rezultat\u00f3w i oddzia\u0142ywania zgodnie z wymogami projektu,<\/li>\n<li>koordynacja, monitoring oraz kontrola dzia\u0142a\u0144 zwi\u0105zanych z realizacj\u0105 projektu,<\/li>\n<li>opracowywanie procedur, instrukcji, regulamin\u00f3w dotycz\u0105cych realizacji projektu wynikaj\u0105cych z obowi\u0105zuj\u0105cych przepis\u00f3w, wytycznych oraz innych dokument\u00f3w i zalece\u0144 NFO\u015aiGW,<\/li>\n<li>nadz\u00f3r nad procesem ewaluacji projektu,<\/li>\n<li>nadz\u00f3r nad prawid\u0142owym archiwizowaniem dokumentacji projektu,<\/li>\n<li>nadz\u00f3r nad zgodnym z ustaw\u0105 o ochronie danych osobowych przetwarzaniem danych osobowych,<\/li>\n<li>uzgadnianie wydatk\u00f3w zwi\u0105zanych z merytoryczn\u0105 realizacj\u0105 projektu,<\/li>\n<li>dokonywanie rozeznania rynku lub uruchamianie odpowiednich procedur przetargowych w przypadku dokonywania zakup\u00f3w produkt\u00f3w i us\u0142ug,<\/li>\n<li>dokonywanie odbioru dostaw towar\u00f3w i us\u0142ug zam\u00f3wionych do projektu,<\/li>\n<li>nadz\u00f3r nad informowaniem spo\u0142ecze\u0144stwa o wsp\u00f3\u0142finansowaniu projektu ze \u015brodk\u00f3w NFO\u015aiGW,<\/li>\n<li>terminowe i zgodne z wytycznymi NFO\u015aiGW sporz\u0105dzanie wymaganych sprawozda\u0144 z realizacji projektu,<\/li>\n<li>nadz\u00f3r nad prawid\u0142owym kwalifikowaniem koszt\u00f3w,<\/li>\n<li>przygotowanie wniosk\u00f3w o refundacje koszt\u00f3w kwalifikowanych (wniosk\u00f3w o p\u0142atno\u015b\u0107),<\/li>\n<li>przekazywanie sporz\u0105dzonych sprawozda\u0144, wniosk\u00f3w o p\u0142atno\u015b\u0107, harmonogram\u00f3w i innych dokument\u00f3w zwi\u0105zanych z realizacj\u0105 projektu do w\u0142a\u015bciwych instytucji z zachowaniem obowi\u0105zuj\u0105cych termin\u00f3w,<\/li>\n<li>opisywanie faktur i innych dowod\u00f3w ksi\u0119gowych w powi\u0105zaniu z zatwierdzonym do realizacji harmonogramem kosztowym i czasowym projektu,<\/li>\n<li>przekazywanie dokument\u00f3w ksi\u0119gowych do podpisu upowa\u017cnionym osobom,<\/li>\n<li>realizacja innych zada\u0144 wynikaj\u0105cych z potrzeb realizacji projektu,<\/li>\n<li>koordynator projektu odpowiada za prawid\u0142owo\u015b\u0107 i rzetelno\u015b\u0107 dokumentacji finansowej projektu.<\/li>\n<\/ol>\n<p><strong>Wykonawca musi:<\/strong><\/p>\n<ol>\n<li>posiada\u0107 wykszta\u0142cenie wy\u017csze magisterskie,<\/li>\n<li>posiada\u0107 co najmniej 5 letnie do\u015bwiadczenie w realizacji projekt\u00f3w wsp\u00f3\u0142finansowanych ze \u015brodk\u00f3w zewn\u0119trznych,<\/li>\n<li>by\u0107 niekaralny za przest\u0119pstwa pope\u0142nione umy\u015blnie \u015bcigane z oskar\u017cenia publicznego lub umy\u015blne przest\u0119pstwa skarbowe,<\/li>\n<li>posiada\u0107 pe\u0142n\u0105 zdolno\u015b\u0107 do czynno\u015bci prawnych oraz korzysta\u0107 z pe\u0142ni praw publicznych,<\/li>\n<li>posiada\u0107 prawo jazdy kategorii B,<\/li>\n<li>posiada\u0107 bieg\u0142\u0105 znajomo\u015b\u0107 obs\u0142ugi komputera,<\/li>\n<li>posiada\u0107 bardzo dobra znajomo\u015b\u0107 MS Office i umiej\u0119tno\u015b\u0107 obs\u0142ugi urz\u0105dze\u0144 biurowych,<\/li>\n<li>posiada\u0107 umiej\u0119tno\u015b\u0107 pracy w zespole rozproszonym,<\/li>\n<li>posiada\u0107 umiej\u0119tno\u015b\u0107 radzenia sobie ze stresem,<\/li>\n<li>posiada\u0107 dobr\u0105 organizacj\u0119 czasu pracy,<\/li>\n<li>posiada\u0107 wysok\u0105 kultur\u0119 osobist\u0105,<\/li>\n<li>utrzymywa\u0107 kontakty z uczestnikami i us\u0142ugodawcami projektu,<\/li>\n<li>przeprowadzi\u0107 monitoring i ewaluacj\u0119 projektu,<\/li>\n<li>nadzorowa\u0107 prac\u0119 specjalist\u00f3w\/ekspert\u00f3w zaanga\u017cowanych w projekt.<\/li>\n<\/ol>\n<h4><u>Cz\u0119\u015b\u0107 II<\/u>. Specjalista ds. promocji do zada\u0144 kt\u00f3rego nale\u017ce\u0107 b\u0119dzie:<\/h4>\n<ol>\n<li>przygotowanie planu dzia\u0142a\u0144 promocyjnych i reklamowych projektu,<\/li>\n<li>nadz\u00f3r\/realizacja dzia\u0142a\u0144 promocyjnych i reklamowych,<\/li>\n<li>nadz\u00f3r nad przygotowaniem materia\u0142\u00f3w graficznych i terminami realizowanych materia\u0142\u00f3w,<\/li>\n<li>nadz\u00f3r i wsparcie realizacji nagra\u0144 d\u017awi\u0119kowych niezb\u0119dnych do promocji wydarzenia,<\/li>\n<li>koordynacja wsp\u00f3\u0142pracy z firmami zewn\u0119trznymi w zakresie realizacji dzia\u0142a\u0144 promocyjnych,<\/li>\n<li>wsp\u00f3\u0142praca z mediami (dzia\u0142ania public i media relations) i podwykonawcami,<\/li>\n<li>aktualizacja tre\u015bci na stronie www,<\/li>\n<li>analiza konkurencji.<\/li>\n<\/ol>\n<p><strong>Wykonawca musi:<\/strong><\/p>\n<ol>\n<li>posiada\u0107 wykszta\u0142cenie wy\u017csze,<\/li>\n<li>posiada\u0107 do\u015bwiadczenie w koordynacji promocyjnej,<\/li>\n<li>posiada\u0107 co najmniej 3 letnie do\u015bwiadczenie na stanowisku g\u0142\u00f3wnego specjalisty ds. Reklamy i public relations,<\/li>\n<li>posiada\u0107 bardzo dobr\u0105 znajomo\u015b\u0107 pakietu MS Office (Word, Power Point, Excel, Outlook),<\/li>\n<li>posiada\u0107 umiej\u0119tno\u015b\u0107 pracy w zespole rozproszonym,<\/li>\n<li>posiada\u0107 umiej\u0119tno\u015b\u0107 radzenia sobie ze stresem,<\/li>\n<li>posiada\u0107 dobr\u0105 organizacj\u0119 czasu pracy,<\/li>\n<li>by\u0107 sumiennym w wykonywaniu obowi\u0105zk\u00f3w,<\/li>\n<li>by\u0107 komunikatywnym,<\/li>\n<li>posiada\u0107 \u201elekkie pi\u00f3ro\u201d,<\/li>\n<li>by\u0107 mobilnym i dyspozycyjnym,<\/li>\n<li>posiada\u0107 wysok\u0105 kultur\u0119 osobist\u0105.<\/li>\n<\/ol>\n<h4><u>Cz\u0119\u015b\u0107 III<\/u>. Specjalista ds. Zam\u00f3wie\u0144 publicznych do zada\u0144 kt\u00f3rego nale\u017ce\u0107 b\u0119dzie:<\/h4>\n<ol>\n<li>przygotowywanie dokumentacji przetargowej,<\/li>\n<li>przygotowanie zapyta\u0144 ofertowych,<\/li>\n<li>opracowywanie um\u00f3w do projektu,<\/li>\n<li>przygotowywanie odpowiedzi na zapytania wykonawc\u00f3w,<\/li>\n<li>weryfikacja z\u0142o\u017conych ofert i przygotowanie rozstrzygni\u0119\u0107 post\u0119powania,<\/li>\n<li>prowadzenie korespondencji pomi\u0119dzy zamawiaj\u0105cym a wykonawcami,<\/li>\n<li>prowadzenie ca\u0142ej dokumentacji post\u0119powania.<\/li>\n<\/ol>\n<p><strong>Wykonawca musi posiada\u0107:<\/strong><\/p>\n<ol>\n<li>znajomo\u015b\u0107 ustawy Prawo zam\u00f3wie\u0144 publicznych i akt\u00f3w wykonawczych do tej ustawy,<\/li>\n<li>2 lata do\u015bwiadczenia w zakresie stosowania ustawy Prawo zam\u00f3wie\u0144 publicznych i\/lub zarz\u0105dzania i rozliczania projekt\u00f3w unijnych (warunek konieczny),<\/li>\n<li>umiej\u0119tno\u015b\u0107 obs\u0142ugi komputera i oprogramowania MS Office (Word, MS Excel, Outlook),<\/li>\n<li>doskona\u0142e zdolno\u015bci organizacyjne,<\/li>\n<li>umiej\u0119tno\u015b\u0107 ustalania priorytet\u00f3w i wykazywa\u0107 si\u0119 wielozadaniowo\u015bci\u0105,<\/li>\n<li>nast\u0119puj\u0105ce cechy: odpowiedzialno\u015b\u0107, samodzielno\u015b\u0107, skrupulatno\u015b\u0107 i rzetelno\u015b\u0107 w wykonywanych obowi\u0105zkach,<\/li>\n<li>dobre umiej\u0119tno\u015bci interpersonalne oraz pracy w zespole,<\/li>\n<li>odporno\u015b\u0107 na stres,<\/li>\n<li>wykszta\u0142cenie \u015brednie lub wy\u017csze,<\/li>\n<li>do\u015bwiadczenie w zakresie zam\u00f3wie\u0144 publicznych.<\/li>\n<\/ol>\n<h3>II. &#8211;&nbsp; Termin realizacji przedmiotu zam\u00f3wienia:<\/h3>\n<p>Od dnia podpisania umowy do dnia 31.12.2020 r.<\/p>\n<h3>III. &#8211;&nbsp; Opis sposobu przygotowania i sk\u0142adania ofert:<\/h3>\n<ol>\n<li>Oferta musi by\u0107 sporz\u0105dzona w j\u0119zyku polskim.<\/li>\n<li>Tre\u015b\u0107 oferty musi odpowiada\u0107 tre\u015bci niniejszego zapytania.<\/li>\n<li>Wykonawca mo\u017ce z\u0142o\u017cy\u0107 tylko jedn\u0105 ofert\u0119 na dan\u0105 cz\u0119\u015b\u0107 zam\u00f3wienia wraz z wymaganymi dokumentami, o kt\u00f3rych mowa w ust. 6 niniejszego rozdzia\u0142u oraz w rozdziale V niniejszego zapytania.<\/li>\n<li>Oferta musi by\u0107 podpisana przez wykonawc\u0119 zgodnie z zasadami reprezentacji wskazanymi we w\u0142a\u015bciwym rejestrze lub centralnej ewidencji i informacji o dzia\u0142alno\u015bci gospodarczej. Je\u017celi osoba(-y) podpisuj\u0105ca(-e) ofert\u0119 dzia\u0142a(-j\u0105) na podstawie pe\u0142nomocnictwa, to musi by\u0107 ono do\u0142\u0105czone do oferty.<\/li>\n<li>Wykonawca ponosi wszelkie koszty zwi\u0105zane z przygotowaniem i z\u0142o\u017ceniem oferty.<\/li>\n<li>Na ofert\u0119 sk\u0142adaj\u0105 si\u0119:<\/li>\n<\/ol>\n<ul>\n<li style=\"list-style-type: none;\">\n<ul>\n<li>\u201eFormularz ofertowy\u201d sporz\u0105dzony zgodnie ze wzorem stanowi\u0105cym za\u0142\u0105cznik nr 1 do niniejszego zapytania ofertowego;<\/li>\n<li>pozosta\u0142e dokumenty wymagane niniejszym zapytaniem.<\/li>\n<\/ul>\n<\/li>\n<\/ul>\n<ol start=\"7\">\n<li>Wykonawca mo\u017ce z\u0142o\u017cy\u0107 ofert\u0119 na w\u0142asnych formularzach, kt\u00f3rych tre\u015b\u0107 musi by\u0107 zgodna z formularzami za\u0142\u0105czonymi do niniejszego zapytania.<\/li>\n<li>Forma pisemna:<\/li>\n<\/ol>\n<p>Ofert\u0119 nale\u017cy z\u0142o\u017cy\u0107 w zamkni\u0119tej kopercie opisanej:<\/p>\n<p style=\"text-align: center;\"><strong>Kadra zarz\u0105dzaj\u0105ca projektem \u201eOszcz\u0119dzaj ciep\u0142o. I Ty mo\u017cesz zosta\u0107 eko-domownikiem\u201d realizowanego ze \u015brodk\u00f3w Narodowego Funduszu Ochrony \u015arodowiska i Gospodarki Wodnej<\/strong><\/p>\n<p>w siedzibie zamawiaj\u0105cego przy ul. Bpa \u015awirskiego 56, 08-110 Siedlce, w terminie do dnia <strong>05.06.2020 roku, godz. 10:00.<\/strong><\/p>\n<ol start=\"9\">\n<li>Forma elektroniczna:<\/li>\n<\/ol>\n<ul>\n<li style=\"list-style-type: none;\">\n<ul>\n<li>Ofert\u0105 w formie elektronicznej jest oferta z\u0142o\u017cona za po\u015brednictwem poczty elektronicznej.<\/li>\n<li>Oferta elektroniczna winna by\u0107 przygotowana tak jak oferta w formie pisemnej &#8211; skany podpisanych dokument\u00f3w nale\u017cy przes\u0142a\u0107 na adres e-mail: <a href=\"mailto:fundacja@radiopodlasie.pl\">fundacja@radiopodlasie.pl<\/a> w terminie do dnia <strong>05.06.2020 roku, godz. 10:00.<\/strong><\/li>\n<\/ul>\n<\/li>\n<\/ul>\n<ol start=\"10\">\n<li>Decyduj\u0105ce znaczenie dla oceny zachowania terminu sk\u0142adania\/przesy\u0142ania ofert ma data i godzina wp\u0142ywu oferty do zamawiaj\u0105cego, a nie data jej wys\u0142ania przesy\u0142k\u0105 pocztow\u0105\/kuriersk\u0105 lub poczt\u0105 elektroniczn\u0105.<\/li>\n<li>Oferty z\u0142o\u017cone\/przes\u0142ane po terminie nie b\u0119d\u0105 rozpatrywane.<\/li>\n<\/ol>\n<h3>IV. &#8211; Do oferty wykonawca zobowi\u0105zany jest do\u0142\u0105czy\u0107:<\/h3>\n<p>W przypadku, gdy wykonawc\u0119 reprezentuje pe\u0142nomocnik, do oferty nale\u017cy do\u0142\u0105czy\u0107 stosowne pe\u0142nomocnictwo.<\/p>\n<h3>V. &#8211; Opis sposobu udzielania wyja\u015bnie\u0144:<\/h3>\n<ol>\n<li>Wykonawca mo\u017ce zwr\u00f3ci\u0107 si\u0119 do zamawiaj\u0105cego o wyja\u015bnienie tre\u015bci zapytania ofertowego lub zada\u0107 pytania.<\/li>\n<li>Zamawiaj\u0105cy udzieli wyja\u015bnie\u0144 lub odpowiedzi niezw\u0142ocznie, nie p\u00f3\u017aniej jednak ni\u017c na 1 dni przed up\u0142ywem terminu sk\u0142adania ofert. Wyja\u015bnienia lub odpowiedzi zostan\u0105 zamieszczone na stronie internetowej <a href=\"mailto:fundacja@radiopodlaskie.pl\">fundacja@radiopodlaskie.pl<\/a> pod warunkiem, \u017ce wniosek o wyja\u015bnienie tre\u015bci zapytania ofertowego lub pytania wp\u0142yn\u0119\u0142y do zamawiaj\u0105cego nie p\u00f3\u017aniej ni\u017c do ko\u0144ca dnia, w kt\u00f3rym up\u0142ywa po\u0142owa wyznaczonego terminu sk\u0142adania ofert.<\/li>\n<li>Je\u017celi wniosek o wyja\u015bnienie zapytania ofertowego lub pytania wp\u0142yn\u0105 po up\u0142ywie terminu sk\u0142a\u00addania wniosku lub pyta\u0144, o kt\u00f3rych mowa w ust. 2 lub dotyczy udzielonych wyja\u015bnie\u0144 i\/lub pyta\u0144, zamawiaj\u0105cy mo\u017ce udzieli\u0107 wyja\u015bnie\u0144 lub odpowiedzi albo pozostawi wniosek lub pytania bez rozpoznania.<\/li>\n<\/ol>\n<h3>VI. &#8211; Opis sposobu obliczania ceny:<\/h3>\n<ol>\n<li>Wykonawca oblicza cen\u0119 oferty za wykonanie ca\u0142ego przedmiotu zam\u00f3wienia zgodnie z wymaganiami okre\u015blonymi w niniejszym zaproszeniu i podaje j\u0105 w \u201eFormularzu ofertowym\u201d (za\u0142\u0105cznik nr 1).<\/li>\n<li>Cena podana w ofercie jest cen\u0105 rycza\u0142tow\u0105.<\/li>\n<li>W cenie oferty nale\u017cy uwzgl\u0119dni\u0107 wszystkie niezb\u0119dne koszty zwi\u0105zane z realizacj\u0105 przedmiotu zam\u00f3wienia.<\/li>\n<li>Cena musi by\u0107 wyra\u017cona w PLN.<\/li>\n<li>Cen\u0119 nale\u017cy poda\u0107 z dok\u0142adno\u015bci\u0105 do dw\u00f3ch miejsc po przecinku (stosuj\u0105c zasad\u0119, \u017ce liczb\u0119 z ko\u0144c\u00f3wk\u0105 mniejsz\u0105 od 5 zaokr\u0105gla si\u0119 w d\u00f3\u0142, za\u015b z ko\u0144c\u00f3wk\u0105 5 i wi\u0119ksz\u0105 w g\u00f3r\u0119).<\/li>\n<li>Rozliczenia mi\u0119dzy zamawiaj\u0105cym a wykonawc\u0105 b\u0119d\u0105 prowadzone w PLN.<\/li>\n<\/ol>\n<h3>VII. &#8211; Kryterium wyboru oferty:<\/h3>\n<ol>\n<li>Zamawiaj\u0105cy okre\u015bla kryterium wyboru oferty: najni\u017csza cena brutto za realizacj\u0119 przedmiotu zam\u00f3wienia &#8211; waga 100%<\/li>\n<li>Za najkorzystniejsz\u0105 zostanie uznana oferta z najni\u017csz\u0105 cen\u0105.<\/li>\n<li>Je\u017celi nie b\u0119dzie mo\u017cna dokona\u0107 wyboru oferty najkorzystniejszej ze wzgl\u0119du na to, \u017ce zosta\u0142y z\u0142o\u017cone oferty o takiej samej cenie, zamawiaj\u0105cy wezwie tych wykonawc\u00f3w do z\u0142o\u017cenia ofert dodat\u00adkowych w okre\u015blonym terminie.<\/li>\n<li>Wykonawcy, sk\u0142adaj\u0105cy oferty dodatkowe, nie mog\u0105 zaoferowa\u0107 cen wy\u017cszych ni\u017c zaoferowane w z\u0142o\u017conych pierwotnie ofertach.<\/li>\n<\/ol>\n<h3>VIII. &#8211; Badanie ofert:<\/h3>\n<ol>\n<li>Zamawiaj\u0105cy mo\u017ce \u017c\u0105da\u0107 od wykonawc\u00f3w w toku badania i oceny ofert wyja\u015bnie\u0144 w zakresie z\u0142o\u017conych ofert oraz \u017c\u0105da\u0107 uzupe\u0142nie\u0144 brakuj\u0105cych dokument\u00f3w.<\/li>\n<li>Zamawiaj\u0105cy w ofercie poprawi:<\/li>\n<\/ol>\n<ul>\n<li style=\"list-style-type: none;\">\n<ul>\n<li>oczywiste omy\u0142ki pisarskie;<\/li>\n<li>oczywiste omy\u0142ki rachunkowe, z uwzgl\u0119dnieniem konsekwencji rachunkowych dokonanych po\u00adprawek;<\/li>\n<li>inne omy\u0142ki polegaj\u0105ce na niezgodno\u015bci oferty z zapytaniem ofertowym, niepowoduj\u0105ce istotnych zmian w tre\u015bci oferty<\/li>\n<\/ul>\n<\/li>\n<\/ul>\n<p>&#8211; niezw\u0142ocznie zawiadamiaj\u0105c o tym wykonawc\u0119, kt\u00f3rego oferta zosta\u0142a poprawiona.<\/p>\n<ol start=\"3\">\n<li>Zamawiaj\u0105cy odrzuci ofert\u0119, je\u017celi jej tre\u015b\u0107 nie b\u0119dzie odpowiada\u0107 tre\u015bci niniejszego zapytania.<\/li>\n<li>Wykonawc\u0119, kt\u00f3rego oferta mog\u0142aby zosta\u0107 uznana za najkorzystniejsz\u0105, a kt\u00f3ry nie przed\u0142o\u017cy\u0142 wraz z ofert\u0105 wszystkich wymaganych dokument\u00f3w lub o\u015bwiadcze\u0144 zamawiaj\u0105cy wzywa do ich z\u0142o\u00ad\u017cenia, uzupe\u0142nienia lub poprawienia lub do udzielenia wyja\u015bnie\u0144 w wyznaczonym przez siebie termi\u00adnie, chyba, \u017ce mimo ich z\u0142o\u017cenia, uzupe\u0142nienia lub poprawienia lub do udzielenia wyja\u015bnie\u0144 oferta podlega odrzuceniu albo konieczne jest uniewa\u017cnienie post\u0119powania. Zamawiaj\u0105cy mo\u017ce wezwa\u0107 do uzupe\u0142nienia ww. dokument\u00f3w innego wykonawc\u0119\/wykonawc\u00f3w, je\u017celi jest to uzasadnione z punktu widzenia post\u0119powania.<\/li>\n<\/ol>\n<h3>IX. &#8211; Uniewa\u017cnienie post\u0119powania:<\/h3>\n<p>Zamawiaj\u0105cy zastrzega sobie prawo uniewa\u017cnienia post\u0119powania na ka\u017cdym jego etapie, a w szczeg\u00f3lno\u015bci, w przypadku gdy:<\/p>\n<ol>\n<li>nie zostanie z\u0142o\u017cona \u017cadna wa\u017cna oferta;<\/li>\n<li>cena najkorzystniejszej oferty lub oferta z najni\u017csz\u0105 cen\u0105 przewy\u017csza kwot\u0119, kt\u00f3r\u0105 zamawiaj\u0105cy zamierza przeznaczy\u0107 na sfinansowanie zam\u00f3wienia, chyba \u017ce zamawiaj\u0105cy zwi\u0119kszy t\u0119 kwot\u0119 do ceny najkorzystniejszej oferty;<\/li>\n<li>wyst\u0105pi istotna zmiana okoliczno\u015bci powoduj\u0105ca, \u017ce prowadzenie post\u0119powania lub wykonanie zam\u00f3wienia nie le\u017cy w interesie zamawiaj\u0105cego, w tym zamawiaj\u0105cy nie podpisze umowy z NFO\u015aiGW;<\/li>\n<li>post\u0119powanie obarczone jest niemo\u017cliw\u0105 do usuni\u0119cia wad\u0105 uniemo\u017cliwiaj\u0105c\u0105 zawarcie niepodle- gaj\u0105cej uniewa\u017cnieniu umowy w sprawie zam\u00f3wienia.<\/li>\n<\/ol>\n<h3>X. &#8211; Spos\u00f3b przekazania informacji o rozstrzygni\u0119ciu post\u0119powania:<\/h3>\n<p>Informacj\u0119 o rozstrzygni\u0119ciu post\u0119powania zamawiaj\u0105cy zamie\u015bci na stronie internetowej, na kt\u00f3rej zosta\u0142o og\u0142oszone niniejsze post\u0119powanie.<\/p>\n<h3>XI. &#8211; Formalno\u015bci, jakie powinny zosta\u0107 dope\u0142nione po wyborze oferty, w celu zawarcia umowy:<\/h3>\n<ol>\n<li>Z wybranym wykonawc\u0105 zostanie podpisana umowa.<\/li>\n<li>W przypadku, gdy wykonawca, kt\u00f3rego oferta zosta\u0142a wybrana, jako najkorzystniejsza uchyla si\u0119 od zawarcia umowy lub odmawia jej podpisania, zamawiaj\u0105cy mo\u017ce wybra\u0107 ofert\u0119 najkorzystniejsz\u0105 spo\u015br\u00f3d pozosta\u0142ych ofert bez ponownego ich badania i oceny.<\/li>\n<li>Wykonawca zostanie poinformowany przez zamawiaj\u0105cego o miejscu i terminie zawarcia umowy.<\/li>\n<li>Zamawiaj\u0105cy zastrzega sobie mo\u017cliwo\u015b\u0107 odst\u0105pienia od podpisania umowy w przypadku nie\u00adotrzymania dofinansowania ze \u015brodk\u00f3w NFO\u015aiGW.<\/li>\n<\/ol>\n<h3>XII. &#8211; Pozosta\u0142e informacje:<\/h3>\n<p>Wyb\u00f3r najkorzystniejszej oferty jest ostateczny i nie podlega procedurze odwo\u0142awczej.<\/p>\n<h3>XIII. &#8211; Osoba uprawniona do kontakt\u00f3w w sprawie post\u0119powania:<\/h3>\n<p><a href=\"mailto:fundacja@radiopodlasie.pl\">fundacja@radiopodlasie.pl<\/a> \u2013 Renata Dziewulska<\/p>\n<h3>XIV. &#8211; Podstawa prawna prowadzenia post\u0119powania:<\/h3>\n<p>Post\u0119powanie o udzielenie zam\u00f3wienia prowadzone jest w trybie zapytania ofertowego z wy\u0142\u0105czeniem stosowania ustawy z dnia 29 stycznia 2004 r. &#8211; Prawo zam\u00f3wie\u0144 publicznych (Dz.&nbsp;U.&nbsp;z&nbsp;2019 r., poz. 1843 ze zm.).<\/p>\n<h3>XV. &#8211; Przetwarzanie danych osobowych:<\/h3>\n<p>W zwi\u0105zku z tre\u015bci\u0105 z art. 13 Rozporz\u0105dzenia Parlamentu Europejskiego i Rady (UE) 2016\/679 z dnia 27 kwietnia 2016 r. w sprawie ochrony os\u00f3b fizycznych w zwi\u0105zku z przetwarzaniem danych osobo\u00adwych i w sprawie swobodnego przep\u0142ywu takich danych oraz uchylenia dyrektywy 95\/46\/WE (og\u00f3lne rozporz\u0105dzenie o ochronie danych) (Dz.U.UE.L.2016.119.1 ze zm.), dalej: \u201eRODO\u201d Zamawiaj\u0105cy informuje, \u017ce:<\/p>\n<ol>\n<li>Administratorem Pani\/Pana danych osobowych (dalej: Administrator) pozyskanych w toku post\u0119powania jest Fundacja Podlaskie Centrum Radiowe.<\/li>\n<li>Z Administratorem mo\u017cna kontaktowa\u0107 si\u0119 poprzez e-mail: <a href=\"mailto:fundacja@radiopodlasie.pl\">fundacja@radiopodlasie.pl<\/a> lub na adres korespondencyjny Fundacja Podlaskie Centrum Radiowe ul. Bpa \u015awirskiego 56, 08-110 Siedlce.<\/li>\n<li>Pani\/Pana dane osobowe pozyskane przez Administratora przetwarzane b\u0119d\u0105 na podstawie art. 6 ust. 1 lit. c RODO w celu przeprowadzenia niniejszego post\u0119powania o udzielenie zam\u00f3wienia publicznego.<\/li>\n<li>Odbiorcami Pani\/Pana danych osobowych mog\u0105 by\u0107:<\/li>\n<\/ol>\n<ul>\n<li style=\"list-style-type: none;\">\n<ul>\n<li>osoby lub podmioty, kt\u00f3rym udost\u0119pniona zostanie dokumentacja post\u0119powania,<\/li>\n<li>organy kontrolne,<\/li>\n<li>osoby lub podmioty, kt\u00f3rym Administrator udzieli informacji publicznej zgodnie z ustaw\u0105 z dnia 6 wrze\u015bnia 2001 r. o dost\u0119pie do informacji publicznej (Dz.U.2018.1330 j.t.),<\/li>\n<li>podmioty uprawnione do przetwarzania danych osobowych na podstawie przepis\u00f3w powszechnie obowi\u0105zuj\u0105cego prawa.<\/li>\n<\/ul>\n<\/li>\n<\/ul>\n<ol start=\"5\">\n<li>Pani\/Pana dane osobowe b\u0119d\u0105 przetwarzane przez okres niezb\u0119dny do przeprowadzenia niniejszego post\u0119powania. Ponadto, zgodnie z art. 97 ust. 1 ustawy Prawo zam\u00f3wie\u0144 publicznych przechowy\u00adwane b\u0119d\u0105 przez okres 4 lat od dnia zako\u0144czenia niniejszego post\u0119powania. Okres przechowywania danych mo\u017ce zosta\u0107 ka\u017cdorazowo przed\u0142u\u017cony o okres przedawnienia roszcze\u0144, je\u017celi przetwarzanie danych b\u0119dzie niezb\u0119dne do dochodzenia roszcze\u0144 lub do obrony przed takimi roszczeniami przez Administratora. Ponadto, okres przechowywania danych mo\u017ce zosta\u0107 przed\u0142u\u017cony na okres 5 lat, na potrzeby archiwizacji.<\/li>\n<li>Przys\u0142uguje Pani\/Panu prawo do dost\u0119pu do Pani\/Pana danych osobowych, ich sprostowania oraz prawo \u017c\u0105dania ograniczenia przetwarzania Pani\/Pana danych osobowych.<\/li>\n<li>W przypadku uznania, \u017ce przetwarzanie danych osobowych narusza przepisy RODO, przys\u0142uguje Pani\/Panu prawo wniesienia skargi do Prezesa Urz\u0119du Ochrony Danych Osobowych.<\/li>\n<li>Obowi\u0105zek podania przez Pani\u0105\/Pana danych osobowych bezpo\u015brednio Pani\/Pana dotycz\u0105cych jest wymogiem ustawowym okre\u015blonym w przepisach Ustawy, zwi\u0105zanym z udzia\u0142em w post\u0119powaniu o udzielenie zam\u00f3wienia publicznego, a konsekwencje niepodania okre\u015blonych danych wynikaj\u0105 z Ustawy.<\/li>\n<\/ol>\n<p>PLIK DO POBRANIA<\/p>\n<p><a href=\"http:\/\/fundacja.radiopodlasie.pl\/wp-content\/uploads\/2020\/06\/zapytanie-I.pdf\">zapytanie I.pdf<\/a><\/p>\n<h3><u>Za\u0142\u0105czniki do zapytania ofertowego:<\/u><\/h3>\n<p><a href=\"http:\/\/fundacja.radiopodlasie.pl\/wp-content\/uploads\/2020\/05\/ZO_01_2020_ZAL-1.pdf\" target=\"_blank\" rel=\"noopener noreferrer\">Za\u0142\u0105cznik nr 1 &#8211; Formularz ofertowy<\/a>;<\/p>\n<p>&nbsp;<\/p>\n<p>&nbsp;<\/p>\n","protected":false},"excerpt":{"rendered":"<p>Zapytanie ofertowe nr 1\/2020 [kadra zarz\u0105dzaj\u0105ca projektem] &nbsp; Siedlce, 26 maja 2020 r. ZAPYTANIE OFERTOWE Fundacja Podlaskie Centrum Radiowe zaprasza do sk\u0142adania ofert w post\u0119powaniu o udzielenie zam\u00f3wienia publicznego prowadzanego w trybie zapytania ofertowego na: kadr\u0119 zarz\u0105dzaj\u0105c\u0105 projektem pod nazw\u0105 \u201eOszcz\u0119dzaj ciep\u0142o. I Ty mo\u017cesz zosta\u0107 eko-domownikiem\u201d realizowanego ze \u015brodk\u00f3w Narodowego Funduszu Ochrony \u015arodowiska i [&hellip;]<\/p>\n","protected":false},"author":1,"featured_media":0,"parent":1197,"menu_order":0,"comment_status":"closed","ping_status":"closed","template":"","meta":{"ngg_post_thumbnail":0},"_links":{"self":[{"href":"https:\/\/fundacja.radiopodlasie.pl\/index.php?rest_route=\/wp\/v2\/pages\/1281"}],"collection":[{"href":"https:\/\/fundacja.radiopodlasie.pl\/index.php?rest_route=\/wp\/v2\/pages"}],"about":[{"href":"https:\/\/fundacja.radiopodlasie.pl\/index.php?rest_route=\/wp\/v2\/types\/page"}],"author":[{"embeddable":true,"href":"https:\/\/fundacja.radiopodlasie.pl\/index.php?rest_route=\/wp\/v2\/users\/1"}],"replies":[{"embeddable":true,"href":"https:\/\/fundacja.radiopodlasie.pl\/index.php?rest_route=%2Fwp%2Fv2%2Fcomments&post=1281"}],"version-history":[{"count":6,"href":"https:\/\/fundacja.radiopodlasie.pl\/index.php?rest_route=\/wp\/v2\/pages\/1281\/revisions"}],"predecessor-version":[{"id":1412,"href":"https:\/\/fundacja.radiopodlasie.pl\/index.php?rest_route=\/wp\/v2\/pages\/1281\/revisions\/1412"}],"up":[{"embeddable":true,"href":"https:\/\/fundacja.radiopodlasie.pl\/index.php?rest_route=\/wp\/v2\/pages\/1197"}],"wp:attachment":[{"href":"https:\/\/fundacja.radiopodlasie.pl\/index.php?rest_route=%2Fwp%2Fv2%2Fmedia&parent=1281"}],"curies":[{"name":"wp","href":"https:\/\/api.w.org\/{rel}","templated":true}]}}