{"id":1298,"date":"2020-05-26T09:00:48","date_gmt":"2020-05-26T07:00:48","guid":{"rendered":"http:\/\/fundacja.radiopodlasie.pl\/?page_id=1298"},"modified":"2020-06-02T11:12:03","modified_gmt":"2020-06-02T09:12:03","slug":"oszczedzaj-cieplo-i-ty-mozesz-zostac-eko-domownikiem-produkcja-sluchowiska","status":"publish","type":"page","link":"https:\/\/fundacja.radiopodlasie.pl\/?page_id=1298","title":{"rendered":"\u201eOszcz\u0119dzaj ciep\u0142o. I Ty mo\u017cesz zosta\u0107 eko-domownikiem\u201d \u2013 Produkcja s\u0142uchowiska"},"content":{"rendered":"<p><strong>Zapytanie ofertowe nr 3\/2020<\/strong><strong> [<\/strong><strong>produkcja s\u0142uchowiska]<\/strong><\/p>\n<p style=\"text-align: right;\">Siedlce, 26-05-2020 roku<\/p>\n<h1 style=\"text-align: center;\">ZAPYTANIE OFERTOWE<\/h1>\n<p style=\"text-align: center;\">Fundacja Podlaskie Centrum Radiowe zaprasza do sk\u0142adania ofert w post\u0119powaniu o udzielenie zam\u00f3wienia publicznego prowadzanego w trybie zapytania ofertowego na:<\/p>\n<h2 style=\"text-align: center;\"><strong>produkcj\u0119 s\u0142uchowiska<\/strong><\/h2>\n<p style=\"text-align: center;\">w ramach projektu pod nazw\u0105 \u201eOszcz\u0119dzaj ciep\u0142o. I Ty mo\u017cesz zosta\u0107 eko-domownikiem\u201d<br \/>\nrealizowanego ze \u015brodk\u00f3w Narodowego Funduszu Ochrony \u015arodowiska i Gospodarki Wodnej.<\/p>\n<h3>I. &#8211; Opis Przedmiotu Zam\u00f3wienia:<\/h3>\n<ol>\n<li>Przedmiot zam\u00f3wienia obejmuje produkcj\u0119 5 audycji radiowych w formie s\u0142uchowiska z elementami wywiadu \u2013 rozmowy.<\/li>\n<\/ol>\n<p><strong>Za\u0142o\u017cenia produkcyjne. Ka\u017cda z pi\u0119ciu audycji b\u0119dzie posiada\u0142a temat przewodni: tj <\/strong><\/p>\n<ul>\n<li style=\"list-style-type: none;\">\n<ul>\n<li>zanieczyszczenia z dom\u00f3w jednorodzinnych &#8211; z\u0142ego rodzaju paliwo, palenie odpadami itp.,<\/li>\n<li>nadmierne zu\u017cycie energii, wody,<\/li>\n<li>nadmierne, nieu\u015bwiadomione zu\u017cywanie energii cieplnej,<\/li>\n<li>samochody \u2013 spaliny,<\/li>\n<li>wp\u0142yw zanieczyszczenia powietrza na \u015brodowisko (ro\u015bliny i zwierz\u0119ta).<\/li>\n<\/ul>\n<\/li>\n<\/ul>\n<p>Ka\u017cda z audycji b\u0119dzie animowanym przez prowadz\u0105cego dziennikarza zabaw\u0105 z grup\u0105 dzieci w wieku 6 -11 lat. Dziennikarz ma zadanie zdobycie opinii dzieci o stanie obecnym, kreatywnym poszukiwaniu spos\u00f3b zaradzeniu problemom, naprowadzeniu dzieci na aktywne podj\u0119cie dzia\u0142a\u0144 zmierzaj\u0105cym do zaanga\u017cowania siebie, r\u00f3wie\u015bnik\u00f3w oraz do-ros\u0142ych w rozwi\u0105zanie sprawy.<\/p>\n<p><strong>Wykonawca b\u0119dzie mia\u0142 za zadanie: <\/strong><\/p>\n<ul>\n<li style=\"list-style-type: none;\">\n<ul>\n<li>przygotowanie scenariusza ka\u017cdej z audycji w postacie algorytmu pyta\u0144 i odpowiedzi. Scenariusze musz\u0105 by\u0107 zatwierdzone przez Zamawiaj\u0105cego<\/li>\n<li>Stworzenie grupy produkcyjnej (prowadz\u0105cy, realizator d\u017awi\u0119ku, grupa dzieci w wieku 6 -11 lat<\/li>\n<li>Produkcj\u0119 pi\u0119ciu audycji o d\u0142ugo\u015bci 3 minut ka\u017cda<\/li>\n<li>Zapewnienie jako\u015bci technicznej audycie umo\u017cliwiaj\u0105cej emisji audycji w stacjach radiowych.<\/li>\n<li>Przekazanie Zamawiaj\u0105cemu audycji na ustalonym no\u015bniku nie obci\u0105\u017conych roszczeniami os\u00f3b trzecich ze szczeg\u00f3lnym uwzgl\u0119dnieniem praw autorskich, maj\u0105tkowych oraz zgodami zwi\u0105zanymi z przepis\u00f3w prawa o ochronie danych osobowych:\n<ul>\n<li>przekazanie Zamawiaj\u0105cemu nagranych na no\u015bniku s\u0142uchowisk<\/li>\n<li>przygotowanie wg specyfikacji technicznej do emisji radiowej.<\/li>\n<\/ul>\n<\/li>\n<\/ul>\n<\/li>\n<\/ul>\n<ol start=\"2\">\n<li>Dodatkowe obowi\u0105zki Wykonawcy:<\/li>\n<\/ol>\n<ul>\n<li style=\"list-style-type: none;\">\n<ul>\n<li>oznaczenie projekt\u00f3w graficznych wszystkich materia\u0142\u00f3w promocyjnych zwi\u0105zanych z kampani\u0105 zgodnie z Ksi\u0119ga Identyfikacji Wizualnej NFO\u015aiGW i Instrukcj\u0105 oznakowania przedsi\u0119wzi\u0119\u0107 dofinansowywanych ze \u015brodk\u00f3w Narodowego Funduszu Ochrony \u015arodowiska i Gospodarki Wodnej,<\/li>\n<li>ka\u017cdorazowe dostarczenie do Zleceniodawcy:\n<ul>\n<li>projekt\u00f3w celem akceptacji;<\/li>\n<li>nagra\u0144 celem akceptacji<\/li>\n<\/ul>\n<\/li>\n<li>przygotowanie sprawozda\u0144 cz\u0105stkowych i ko\u0144cowego z realizacji kampanii i przekazania ich wraz zarchiwizowanymi dokumentami potwierdzaj\u0105cymi wy-konanie zakresu przedmiotu zam\u00f3wienia w kilku etapach. Sprawozdania b\u0119d\u0105 stanowi\u0142y za\u0142\u0105cznik do protoko\u0142u odbioru us\u0142ugi i b\u0119d\u0105 podstaw\u0105 rozliczenia faktur cz\u0119\u015bciowych,<\/li>\n<li>wsp\u00f3\u0142praca z Zamawiaj\u0105cym w zakresie niezb\u0119dnym do prawid\u0142owej i terminowej realizacji poszczeg\u00f3lnych dzia\u0142a\u0144,<\/li>\n<\/ul>\n<\/li>\n<\/ul>\n<p>&nbsp;<\/p>\n<ol start=\"3\">\n<li>Rozliczenie za wykonanie przedmiotu zam\u00f3wienia nast\u0105pi po wykonaniu zam\u00f3wienia\/etapu zam\u00f3wienia, przed\u0142o\u017ceniu kompletu dokumentacji (sprawozda\u0144 cz\u0119\u015bciowych, zarchiwizowanych dokument\u00f3w i materia\u0142\u00f3w powsta\u0142ych na danym etapie prac, za kt\u00f3ry nast\u0119puje rozliczenie) oraz przed\u0142o\u017ceniu faktury\/faktury cz\u0105stkowej.<\/li>\n<li>Zamawiaj\u0105cy nie dopuszcza mo\u017cliwo\u015bci z\u0142o\u017cenia oferty przewiduj\u0105cej odmienny ni\u017c okre\u015blony w niniejszym zapytaniu ofertowym spos\u00f3b wykonania zam\u00f3wienia (oferty wariantowej).<\/li>\n<\/ol>\n<h3>II. &#8211;&nbsp; Termin realizacji przedmiotu zam\u00f3wienia:<\/h3>\n<p>Od dnia podpisania umowy do dnia 30.09.2020 r.<\/p>\n<h3>&nbsp;<\/h3>\n<h3>III. &#8211; Warunki udzia\u0142u w post\u0119powaniu oraz wykaz dokument\u00f3w i o\u015bwiadcze\u0144 potwierdzaj\u0105cych spe\u0142nianie warunk\u00f3w udzia\u0142u:<\/h3>\n<ol>\n<li>O zam\u00f3wienie mo\u017ce si\u0119 ubiega\u0107 Wykonawca, kt\u00f3ry dysponuje niezb\u0119dn\u0105 wiedz\u0105 i do\u015bwiadczeniem, a tak\u017ce potencja\u0142em ekonomicznym i technicznym koniecznym do realizacji produkcji i realizacji materia\u0142\u00f3w \u2013 tj. wyka\u017ce, \u017ce wykona\u0142 w okresie ostatnich trzech lat przed up\u0142ywem terminu sk\u0142adania ofert, a je\u017celi okres prowadzenia dzia\u0142alno\u015bci jest kr\u00f3tszy \u2013 w tym okresie, minimum 2 nagrania audio, ka\u017cda o warto\u015bci nie mniejszej ni\u017c 5 tys. z\u0142 brutto.<\/li>\n<li>Na potwierdzenie spe\u0142nienia warunku udzia\u0142u w post\u0119powaniu Wykonawca zobowi\u0105zany jest przed\u0142o\u017cy\u0107 wraz z ofert\u0105 wykaz us\u0142ug potwierdzaj\u0105cy posiadanie niezb\u0119dnej wiedzy i do\u015bwiadczenia zgodnie z za\u0142\u0105cznikiem nr 2 do zapytania ofertowego wraz z dokumentami potwierdzaj\u0105cymi (protoko\u0142y odbioru, referencje, po\u015bwiadczenia), \u017ce us\u0142ugi wskazane w wykazie zosta\u0142y lub s\u0105 realizowane nale\u017cycie.<\/li>\n<li>Ocena spe\u0142nienia ww. warunk\u00f3w dokonana zostanie zgodnie z formu\u0142\u0105 \u201espe\u0142nia \u2013 nie spe\u0142nia\u201d w oparciu o informacje zawarte w o\u015bwiadczeniach i dokumentach. Niespe\u0142nienie w\/w warunku skutkowa\u0107 b\u0119dzie odrzuceniem oferty Wykonawcy, tj. nie b\u0119dzie ona brana pod uwag\u0119 przy ocenie ofert.<\/li>\n<\/ol>\n<h3>IV. &#8211; Opis sposobu przygotowania i sk\u0142adania ofert:<\/h3>\n<ol>\n<li>Oferta musi by\u0107 sporz\u0105dzona w j\u0119zyku polskim.<\/li>\n<li>Tre\u015b\u0107 oferty musi odpowiada\u0107 tre\u015bci niniejszego zapytania.<\/li>\n<li>Wykonawca mo\u017ce z\u0142o\u017cy\u0107 tylko jedn\u0105 ofert\u0119 na ca\u0142o\u015b\u0107 zam\u00f3wienia wraz z wymaganymi dokumentami, o kt\u00f3rych mowa w ust. 6 niniejszego rozdzia\u0142u oraz w rozdziale V niniejszego zapytania.<\/li>\n<li>Oferta musi by\u0107 podpisana przez wykonawc\u0119 zgodnie z zasadami reprezentacji wskazanymi we w\u0142a\u015bciwym rejestrze lub centralnej ewidencji i informacji o dzia\u0142alno\u015bci gospodarczej. Je\u017celi osoba(-y) podpisuj\u0105ca(-e) ofert\u0119 dzia\u0142a(-j\u0105) na podstawie pe\u0142nomocnictwa, to musi by\u0107 ono do\u0142\u0105czone do oferty.<\/li>\n<li>Wykonawca ponosi wszelkie koszty zwi\u0105zane z przygotowaniem i z\u0142o\u017ceniem oferty.<\/li>\n<li>Na ofert\u0119 sk\u0142adaj\u0105 si\u0119:<\/li>\n<\/ol>\n<ul>\n<li style=\"list-style-type: none;\">\n<ul>\n<li>\u201eFormularz ofertowy\u201d sporz\u0105dzony zgodnie ze wzorem stanowi\u0105cym za\u0142\u0105cznik nr 1 do zapytania ofertowego;<\/li>\n<li>Wykaz us\u0142ug wraz z dokumentami potwierdzaj\u0105cymi ich nale\u017cyte wykonanie;<\/li>\n<li>pozosta\u0142e dokumenty wymagane niniejszym zapytaniem.<\/li>\n<\/ul>\n<\/li>\n<\/ul>\n<ol start=\"7\">\n<li>Wykonawca mo\u017ce z\u0142o\u017cy\u0107 ofert\u0119 na w\u0142asnych formularzach, kt\u00f3rych tre\u015b\u0107 musi by\u0107 zgodna z formularzami za\u0142\u0105czonymi do niniejszego zapytania.<\/li>\n<li>Forma pisemna:<\/li>\n<\/ol>\n<p>Ofert\u0119 nale\u017cy z\u0142o\u017cy\u0107 w zamkni\u0119tej kopercie opisanej:<\/p>\n<p><strong>Oferta na produkcj\u0119 s\u0142uchowiska w ramach projektu pod nazw\u0105<\/strong><strong> \u201eOszcz\u0119dzaj ciep\u0142o. I Ty mo\u017cesz zosta\u0107 eko-domownikiem\u201d realizowanego ze \u015brodk\u00f3w Narodowego Funduszu Ochrony \u015arodowiska i Gospodarki Wodnej<\/strong><\/p>\n<p>&nbsp;<\/p>\n<p>w siedzibie zamawiaj\u0105cego przy ul. Bpa \u015awirskiego 56, 08-110 Siedlce, w terminie do <strong>05.06.2020 roku, godz. 10:00.<\/strong><\/p>\n<ol start=\"9\">\n<li>Forma elektroniczna:<\/li>\n<\/ol>\n<ul>\n<li style=\"list-style-type: none;\">\n<ul>\n<li>Ofert\u0105 w formie elektronicznej jest oferta z\u0142o\u017cona za po\u015brednictwem poczty elektronicznej.<\/li>\n<li>Oferta elektroniczna winna by\u0107 przygotowana tak jak oferta w formie pisemnej &#8211; skany podpisanych dokument\u00f3w nale\u017cy przes\u0142a\u0107 na adres e-mail: <a href=\"mailto:fundacja@radiopodlasie.pl\">fundacja@radiopodlasie.pl<\/a> w terminie do <strong>05.06.2020<\/strong><strong> roku, godz. 10:00.<\/strong><\/li>\n<\/ul>\n<\/li>\n<\/ul>\n<ol start=\"10\">\n<li>Decyduj\u0105ce znaczenie dla oceny zachowania terminu sk\u0142adania\/przesy\u0142ania ofert ma data i godzina wp\u0142ywu oferty do zamawiaj\u0105cego, a nie data jej wys\u0142ania przesy\u0142k\u0105 pocztow\u0105\/kuriersk\u0105 lub poczt\u0105 elektroniczn\u0105.<\/li>\n<li>Oferty z\u0142o\u017cone\/przes\u0142ane po terminie nie b\u0119d\u0105 rozpatrywane.<\/li>\n<\/ol>\n<h3>V. &#8211; Do oferty wykonawca zobowi\u0105zany jest do\u0142\u0105czy\u0107:<\/h3>\n<ol>\n<li>Na potwierdzenie spe\u0142nienia warunku udzia\u0142u w post\u0119powaniu Wykonawca zobowi\u0105zany jest przed\u0142o\u017cy\u0107 wraz z ofert\u0105 wykaz us\u0142ug potwierdzaj\u0105cy posiadanie niezb\u0119dnej wiedzy i do\u015bwiadczenia zgodnie z za\u0142\u0105cznikiem nr 2 do zaproszenia wraz z dokumentami potwierdzaj\u0105cymi (protoko\u0142y odbioru, referencje, po\u015bwiadczenia), \u017ce us\u0142ugi wskazane w wykazie zosta\u0142y lub s\u0105 realizowane nale\u017cycie.<\/li>\n<li>W przypadku, gdy wykonawc\u0119 reprezentuje pe\u0142nomocnik, do oferty nale\u017cy do\u0142\u0105czy\u0107 stosowne pe\u0142nomocnictwo.<\/li>\n<\/ol>\n<p><strong>VI. &#8211; Opis sposobu udzielania wyja\u015bnie\u0144:<\/strong><\/p>\n<ol>\n<li>Wykonawca mo\u017ce zwr\u00f3ci\u0107 si\u0119 do zamawiaj\u0105cego o wyja\u015bnienie tre\u015bci zapytania ofertowego lub zada\u0107 pytania.<\/li>\n<li>Zamawiaj\u0105cy udzieli wyja\u015bnie\u0144 lub odpowiedzi niezw\u0142ocznie, nie p\u00f3\u017aniej jednak ni\u017c na 1 dni przed up\u0142ywem terminu sk\u0142adania ofert. Wyja\u015bnienia lub odpowiedzi zostan\u0105 zamieszczone na stronie internetowej <a href=\"mailto:fundacja@radiopodlaskie.pl\">fundacja@radiopodlaskie.pl<\/a> pod warunkiem, \u017ce wniosek o wyja\u015bnienie tre\u015bci zapytania ofertowego lub pytania wp\u0142yn\u0119\u0142y do zamawiaj\u0105cego nie p\u00f3\u017aniej ni\u017c do ko\u0144ca dnia, w kt\u00f3rym up\u0142ywa po\u0142owa wyznaczonego terminu sk\u0142adania ofert.<\/li>\n<li>Je\u017celi wniosek o wyja\u015bnienie zapytania ofertowego lub pytania wp\u0142yn\u0105 po up\u0142ywie terminu sk\u0142a\u00addania wniosku lub pyta\u0144, o kt\u00f3rych mowa w ust. 2 lub dotyczy udzielonych wyja\u015bnie\u0144 i\/lub pyta\u0144, zamawiaj\u0105cy mo\u017ce udzieli\u0107 wyja\u015bnie\u0144 lub odpowiedzi albo pozostawi wniosek lub pytania bez rozpoznania.<\/li>\n<\/ol>\n<h3>VII. &#8211; Opis sposobu obliczania ceny:<\/h3>\n<ol>\n<li>Wykonawca oblicza cen\u0119 oferty za wykonanie ca\u0142ego przedmiotu zam\u00f3wienia zgodnie z wymaganiami okre\u015blonymi w niniejszym zaproszeniu i podaje j\u0105 w \u201eFormularzu ofertowym\u201d (za\u0142\u0105cznik nr 1).<\/li>\n<li>Cena podana w ofercie jest cen\u0105 rycza\u0142tow\u0105.<\/li>\n<li>W cenie oferty nale\u017cy uwzgl\u0119dni\u0107 wszystkie niezb\u0119dne koszty zwi\u0105zane z realizacj\u0105 przedmiotu zam\u00f3wienia.<\/li>\n<li>Cena musi by\u0107 wyra\u017cona w PLN.<\/li>\n<li>Cen\u0119 nale\u017cy poda\u0107 z dok\u0142adno\u015bci\u0105 do dw\u00f3ch miejsc po przecinku (stosuj\u0105c zasad\u0119, \u017ce liczb\u0119 z ko\u0144c\u00f3wk\u0105 mniejsz\u0105 od 5 zaokr\u0105gla si\u0119 w d\u00f3\u0142, za\u015b z ko\u0144c\u00f3wk\u0105 5 i wi\u0119ksz\u0105 w g\u00f3r\u0119).<\/li>\n<li>Rozliczenia mi\u0119dzy zamawiaj\u0105cym a wykonawc\u0105 b\u0119d\u0105 prowadzone w PLN.<\/li>\n<\/ol>\n<h3>VIII. &#8211; Kryterium wyboru oferty:<\/h3>\n<ol>\n<li>Zamawiaj\u0105cy okre\u015bla kryterium wyboru oferty: Najni\u017csza cena brutto za realizacj\u0119 przedmiotu zam\u00f3wienia &#8211; waga 100%.<\/li>\n<li>Za najkorzystniejsz\u0105 zostanie <strong>uznana oferta z najni\u017csz\u0105 cen\u0105.<\/strong><\/li>\n<li>Je\u017celi nie b\u0119dzie mo\u017cna dokona\u0107 wyboru oferty najkorzystniejszej ze wzgl\u0119du na to, \u017ce zosta\u0142y z\u0142o\u017cone oferty o takiej samej cenie, zamawiaj\u0105cy wezwie tych wykonawc\u00f3w do z\u0142o\u017cenia ofert dodat\u00adkowych w okre\u015blonym terminie.<\/li>\n<li>Wykonawcy, sk\u0142adaj\u0105cy oferty dodatkowe, nie mog\u0105 zaoferowa\u0107 cen wy\u017cszych ni\u017c zaoferowane w z\u0142o\u017conych pierwotnie ofertach.<\/li>\n<\/ol>\n<h3>IX. &#8211; Badanie ofert:<\/h3>\n<ol>\n<li>Zamawiaj\u0105cy mo\u017ce \u017c\u0105da\u0107 od wykonawc\u00f3w w toku badania i oceny ofert wyja\u015bnie\u0144 w zakresie z\u0142o\u017conych ofert oraz \u017c\u0105da\u0107 uzupe\u0142nie\u0144 brakuj\u0105cych dokument\u00f3w.<\/li>\n<li>Zamawiaj\u0105cy w ofercie poprawi:<\/li>\n<\/ol>\n<ul>\n<li style=\"list-style-type: none;\">\n<ul>\n<li>oczywiste omy\u0142ki pisarskie;<\/li>\n<li>oczywiste omy\u0142ki rachunkowe, z uwzgl\u0119dnieniem konsekwencji rachunkowych dokonanych po\u00adprawek;<\/li>\n<li>inne omy\u0142ki polegaj\u0105ce na niezgodno\u015bci oferty z zapytaniem ofertowym, niepowoduj\u0105ce istotnych zmian w tre\u015bci oferty<\/li>\n<\/ul>\n<\/li>\n<\/ul>\n<p>&#8211; niezw\u0142ocznie zawiadamiaj\u0105c o tym wykonawc\u0119, kt\u00f3rego oferta zosta\u0142a poprawiona.<\/p>\n<ol start=\"3\">\n<li>Zamawiaj\u0105cy odrzuci ofert\u0119, je\u017celi jej tre\u015b\u0107 nie b\u0119dzie odpowiada\u0107 tre\u015bci niniejszego zapytania.<\/li>\n<li>Wykonawc\u0119, kt\u00f3rego oferta mog\u0142aby zosta\u0107 uznana za najkorzystniejsz\u0105, a kt\u00f3ry nie przed\u0142o\u017cy\u0142 wraz z ofert\u0105 wszystkich wymaganych dokument\u00f3w lub o\u015bwiadcze\u0144 zamawiaj\u0105cy wzywa do ich z\u0142o\u00ad\u017cenia, uzupe\u0142nienia lub poprawienia lub do udzielenia wyja\u015bnie\u0144 w wyznaczonym przez siebie termi\u00adnie, chyba, \u017ce mimo ich z\u0142o\u017cenia, uzupe\u0142nienia lub poprawienia lub do udzielenia wyja\u015bnie\u0144 oferta podlega odrzuceniu albo konieczne jest uniewa\u017cnienie post\u0119powania. Zamawiaj\u0105cy mo\u017ce wezwa\u0107 do uzupe\u0142nienia ww. dokument\u00f3w innego wykonawc\u0119\/wykonawc\u00f3w, je\u017celi jest to uzasadnione z punktu widzenia post\u0119powania.<\/li>\n<\/ol>\n<h3>X. &#8211; Uniewa\u017cnienie post\u0119powania:<\/h3>\n<p>Zamawiaj\u0105cy zastrzega sobie prawo uniewa\u017cnienia post\u0119powania na ka\u017cdym jego etapie, a w szczeg\u00f3lno\u015bci, w przypadku gdy:<\/p>\n<ol>\n<li>nie zostanie z\u0142o\u017cona \u017cadna wa\u017cna oferta;<\/li>\n<li>cena najkorzystniejszej oferty lub oferta z najni\u017csz\u0105 cen\u0105 przewy\u017csza kwot\u0119, kt\u00f3r\u0105 zamawiaj\u0105cy zamierza przeznaczy\u0107 na sfinansowanie zam\u00f3wienia, chyba \u017ce zamawiaj\u0105cy zwi\u0119kszy t\u0119 kwot\u0119 do ceny najkorzystniejszej oferty;<\/li>\n<li>wyst\u0105pi istotna zmiana okoliczno\u015bci powoduj\u0105ca, \u017ce prowadzenie post\u0119powania lub wykonanie zam\u00f3wienia nie le\u017cy w interesie zamawiaj\u0105cego, w tym zamawiaj\u0105cy nie podpisze umowy z NFO\u015aiGW;<\/li>\n<li>post\u0119powanie obarczone jest niemo\u017cliw\u0105 do usuni\u0119cia wad\u0105 uniemo\u017cliwiaj\u0105c\u0105 zawarcie niepodle- gaj\u0105cej uniewa\u017cnieniu umowy w sprawie zam\u00f3wienia.<\/li>\n<\/ol>\n<h3>XI. &#8211; Spos\u00f3b przekazania informacji o rozstrzygni\u0119ciu post\u0119powania:<\/h3>\n<p>Informacj\u0119 o rozstrzygni\u0119ciu post\u0119powania zamawiaj\u0105cy zamie\u015bci na stronie internetowej, na kt\u00f3rej zosta\u0142o og\u0142oszone niniejsze post\u0119powanie.<\/p>\n<h3>XII. &#8211; Formalno\u015bci, jakie powinny zosta\u0107 dope\u0142nione po wyborze oferty, w celu zawarcia umowy:<\/h3>\n<ol>\n<li>Z wybranym wykonawc\u0105 zostanie podpisana umowa.<\/li>\n<li>W przypadku, gdy wykonawca, kt\u00f3rego oferta zosta\u0142a wybrana, jako najkorzystniejsza uchyla si\u0119 od zawarcia umowy lub odmawia jej podpisania, zamawiaj\u0105cy mo\u017ce wybra\u0107 ofert\u0119 najkorzystniejsz\u0105 spo\u015br\u00f3d pozosta\u0142ych ofert bez ponownego ich badania i oceny.<\/li>\n<li>Wykonawca zostanie poinformowany przez zamawiaj\u0105cego o miejscu i terminie zawarcia umowy.<\/li>\n<li>Zamawiaj\u0105cy zastrzega sobie mo\u017cliwo\u015b\u0107 odst\u0105pienia od podpisania umowy w przypadku nie\u00adotrzymania dofinansowania ze \u015brodk\u00f3w NFO\u015aiGW.<\/li>\n<\/ol>\n<h3>XIII. &#8211; Pozosta\u0142e informacje:<\/h3>\n<p>Wyb\u00f3r najkorzystniejszej oferty jest ostateczny i nie podlega procedurze odwo\u0142awczej.<\/p>\n<h3>XIV. &#8211; Osoba uprawniona do kontakt\u00f3w w sprawie post\u0119powania:<\/h3>\n<p><a href=\"mailto:fundacja@radiopodlasie.pl\">fundacja@radiopodlasie.pl<\/a> \u2013 Renata Dziewulska<\/p>\n<h3>XV. &#8211; Podstawa prawna prowadzenia post\u0119powania:<\/h3>\n<p>Post\u0119powanie o udzielenie zam\u00f3wienia prowadzone jest w trybie zapytania ofertowego z wy\u0142\u0105czeniem stosowania ustawy z dnia 29 stycznia 2004 r. &#8211; Prawo zam\u00f3wie\u0144 publicznych (Dz.&nbsp;U.&nbsp;z&nbsp;2019 r., poz. 1843 ze zm.).<\/p>\n<h3>XVI. &#8211; Przetwarzanie danych osobowych:<\/h3>\n<p>W zwi\u0105zku z tre\u015bci\u0105 z art. 13 Rozporz\u0105dzenia Parlamentu Europejskiego i Rady (UE) 2016\/679 z dnia 27 kwietnia 2016 r. w sprawie ochrony os\u00f3b fizycznych w zwi\u0105zku z przetwarzaniem danych osobo\u00adwych i w sprawie swobodnego przep\u0142ywu takich danych oraz uchylenia dyrektywy 95\/46\/WE (og\u00f3lne rozporz\u0105dzenie o ochronie danych) (Dz.U.UE.L.2016.119.1 ze zm.), dalej: \u201eRODO\u201d Zamawiaj\u0105cy informuje, \u017ce:<\/p>\n<ol>\n<li>Administratorem Pani\/Pana danych osobowych (dalej: Administrator) pozyskanych w toku post\u0119powania jest Fundacja Podlaskie Centrum Radiowe.<\/li>\n<li>Z Administratorem mo\u017cna kontaktowa\u0107 si\u0119 poprzez e-mail: <a href=\"mailto:fundacja@radiopodlasie.pl\">fundacja@radiopodlasie.pl<\/a> lub na adres korespondencyjny Fundacja Podlaskie Centrum Radiowe ul. Bpa \u015awirskiego 56, 08-110 Siedlce.<\/li>\n<li>Pani\/Pana dane osobowe pozyskane przez Administratora przetwarzane b\u0119d\u0105 na podstawie art. 6 ust. 1 lit. c RODO w celu przeprowadzenia niniejszego post\u0119powania o udzielenie zam\u00f3wienia publicznego.<\/li>\n<li>Odbiorcami Pani\/Pana danych osobowych mog\u0105 by\u0107:\n<ul>\n<li>osoby lub podmioty, kt\u00f3rym udost\u0119pniona zostanie dokumentacja post\u0119powania,<\/li>\n<li>organy kontrolne,<\/li>\n<li>osoby lub podmioty, kt\u00f3rym Administrator udzieli informacji publicznej zgodnie z ustaw\u0105 z dnia 6 wrze\u015bnia 2001 r. o dost\u0119pie do informacji publicznej (Dz.U.2018.1330 j.t.),<\/li>\n<li>podmioty uprawnione do przetwarzania danych osobowych na podstawie przepis\u00f3w powszechnie obowi\u0105zuj\u0105cego prawa.<\/li>\n<\/ul>\n<\/li>\n<li>Pani\/Pana dane osobowe b\u0119d\u0105 przetwarzane przez okres niezb\u0119dny do przeprowadzenia niniejszego post\u0119powania. Ponadto, zgodnie z art. 97 ust. 1 ustawy Prawo zam\u00f3wie\u0144 publicznych przechowy\u00adwane b\u0119d\u0105 przez okres 4 lat od dnia zako\u0144czenia niniejszego post\u0119powania. Okres przechowywania danych mo\u017ce zosta\u0107 ka\u017cdorazowo przed\u0142u\u017cony o okres przedawnienia roszcze\u0144, je\u017celi przetwarzanie danych b\u0119dzie niezb\u0119dne do dochodzenia roszcze\u0144 lub do obrony przed takimi roszczeniami przez Administratora. Ponadto, okres przechowywania danych mo\u017ce zosta\u0107 przed\u0142u\u017cony na okres 5 lat, na potrzeby archiwizacji.<\/li>\n<li>Przys\u0142uguje Pani\/Panu prawo do dost\u0119pu do Pani\/Pana danych osobowych, ich sprostowania oraz prawo \u017c\u0105dania ograniczenia przetwarzania Pani\/Pana danych osobowych.<\/li>\n<li>W przypadku uznania, \u017ce przetwarzanie danych osobowych narusza przepisy RODO, przys\u0142uguje Pani\/Panu prawo wniesienia skargi do Prezesa Urz\u0119du Ochrony Danych Osobowych.<\/li>\n<li>Obowi\u0105zek podania przez Pani\u0105\/Pana danych osobowych bezpo\u015brednio Pani\/Pana dotycz\u0105cych jest wymogiem ustawowym okre\u015blonym w przepisach Ustawy, zwi\u0105zanym z udzia\u0142em w post\u0119powaniu o udzielenie zam\u00f3wienia publicznego, a konsekwencje niepodania okre\u015blonych danych wynikaj\u0105 z Ustawy.<\/li>\n<\/ol>\n<p>PLIK DO POBRANIA<\/p>\n<p><a href=\"http:\/\/fundacja.radiopodlasie.pl\/wp-content\/uploads\/2020\/06\/zapytanie-III.pdf\">zapytanie III.pdf<\/a><\/p>\n<h3><u>Za\u0142\u0105czniki do zapytania ofertowego:<\/u><\/h3>\n<p><a href=\"http:\/\/fundacja.radiopodlasie.pl\/wp-content\/uploads\/2020\/05\/ZO_03_2020_ZAL-1.pdf\" target=\"_blank\" rel=\"noopener noreferrer\">Za\u0142\u0105cznik nr 1 &#8211; Formularz ofertowy<\/a>;<\/p>\n<p><a href=\"http:\/\/fundacja.radiopodlasie.pl\/wp-content\/uploads\/2020\/05\/ZO_03_2020_ZAL-2.pdf\" target=\"_blank\" rel=\"noopener noreferrer\">Za\u0142\u0105cznik nr 2 \u2013 Wykaz us\u0142ug<\/a>.<\/p>\n<p>&nbsp;<\/p>\n","protected":false},"excerpt":{"rendered":"<p>Zapytanie ofertowe nr 3\/2020 [produkcja s\u0142uchowiska] Siedlce, 26-05-2020 roku ZAPYTANIE OFERTOWE Fundacja Podlaskie Centrum Radiowe zaprasza do sk\u0142adania ofert w post\u0119powaniu o udzielenie zam\u00f3wienia publicznego prowadzanego w trybie zapytania ofertowego na: produkcj\u0119 s\u0142uchowiska w ramach projektu pod nazw\u0105 \u201eOszcz\u0119dzaj ciep\u0142o. I Ty mo\u017cesz zosta\u0107 eko-domownikiem\u201d realizowanego ze \u015brodk\u00f3w Narodowego Funduszu Ochrony \u015arodowiska i Gospodarki Wodnej. [&hellip;]<\/p>\n","protected":false},"author":1,"featured_media":0,"parent":1197,"menu_order":0,"comment_status":"closed","ping_status":"closed","template":"","meta":{"ngg_post_thumbnail":0},"_links":{"self":[{"href":"https:\/\/fundacja.radiopodlasie.pl\/index.php?rest_route=\/wp\/v2\/pages\/1298"}],"collection":[{"href":"https:\/\/fundacja.radiopodlasie.pl\/index.php?rest_route=\/wp\/v2\/pages"}],"about":[{"href":"https:\/\/fundacja.radiopodlasie.pl\/index.php?rest_route=\/wp\/v2\/types\/page"}],"author":[{"embeddable":true,"href":"https:\/\/fundacja.radiopodlasie.pl\/index.php?rest_route=\/wp\/v2\/users\/1"}],"replies":[{"embeddable":true,"href":"https:\/\/fundacja.radiopodlasie.pl\/index.php?rest_route=%2Fwp%2Fv2%2Fcomments&post=1298"}],"version-history":[{"count":8,"href":"https:\/\/fundacja.radiopodlasie.pl\/index.php?rest_route=\/wp\/v2\/pages\/1298\/revisions"}],"predecessor-version":[{"id":1413,"href":"https:\/\/fundacja.radiopodlasie.pl\/index.php?rest_route=\/wp\/v2\/pages\/1298\/revisions\/1413"}],"up":[{"embeddable":true,"href":"https:\/\/fundacja.radiopodlasie.pl\/index.php?rest_route=\/wp\/v2\/pages\/1197"}],"wp:attachment":[{"href":"https:\/\/fundacja.radiopodlasie.pl\/index.php?rest_route=%2Fwp%2Fv2%2Fmedia&parent=1298"}],"curies":[{"name":"wp","href":"https:\/\/api.w.org\/{rel}","templated":true}]}}